{"id":132,"date":"2016-03-31T10:10:57","date_gmt":"2016-03-31T08:10:57","guid":{"rendered":"http:\/\/dpsbielaje.cluster023.hosting.ovh.net\/?page_id=132"},"modified":"2025-10-16T13:34:00","modified_gmt":"2025-10-16T11:34:00","slug":"historia-domu","status":"publish","type":"page","link":"https:\/\/dpsbielawa.pl\/index.php\/historia-domu\/","title":{"rendered":"Historia Domu"},"content":{"rendered":"<div id=\"pl-132\"  class=\"panel-layout\" ><div id=\"pg-132-0\"  class=\"panel-grid panel-no-style\" ><div id=\"pgc-132-0-0\"  class=\"panel-grid-cell\" ><div id=\"panel-132-0-0-0\" class=\"so-panel widget widget_sow-editor panel-first-child\" data-index=\"0\" ><div\n\t\t\t\n\t\t\tclass=\"so-widget-sow-editor so-widget-sow-editor-base\"\n\t\t\t\n\t\t>\n<div class=\"siteorigin-widget-tinymce textwidget\">\n\t<p style=\"text-align: justify;\" align=\"LEFT\">M\u00f3wi\u0105c o historii naszego Domu nale\u017cy si\u0119gn\u0105\u0107 do historii dw\u00f3ch odr\u0119bnych budynk\u00f3w i dw\u00f3ch r\u00f3\u017cnych plac\u00f3wek.<\/p>\n<p style=\"text-align: justify;\" align=\"LEFT\">A jest ona bardzo ciekawa.<\/p>\n<p style=\"text-align: justify;\" align=\"LEFT\">Budynek, w kt\u00f3rym obecnie mie\u015bci si\u0119 siedziba DPS w Bielawie przy ulicy Stefana \u017beromskiego 2, zosta\u0142 wybudowany przez \u00a0Zak\u0142ady Przemys\u0142u \u00a0Bawe\u0142nianego \"Bieltex\" \u00a0w pocz\u0105tku lat 50-tych XX wieku z przeznaczeniem na \u017c\u0142obek przyzak\u0142adowy.<\/p>\n<\/div>\n<\/div><\/div><div id=\"panel-132-0-0-1\" class=\"so-panel widget widget_sow-image\" data-index=\"1\" ><div\n\t\t\t\n\t\t\tclass=\"so-widget-sow-image so-widget-sow-image-default-c67d20f9f743-132\"\n\t\t\t\n\t\t>\n<div class=\"sow-image-container\">\n\t\t\t<a href=\"http:\/\/dpsbielaje.cluster023.hosting.ovh.net\/wp-content\/uploads\/2016\/03\/BH1.jpg\"\n\t\t\ttarget=\"_blank\" rel=\"noopener noreferrer\" \t\t>\n\t\t\t<img \n\tsrc=\"https:\/\/dpsbielawa.pl\/wp-content\/uploads\/2016\/03\/BH1-436x272.jpg\" width=\"436\" height=\"272\" sizes=\"(max-width: 436px) 100vw, 436px\" title=\"OLYMPUS DIGITAL CAMERA\" alt=\"\" \t\tclass=\"so-widget-image\"\/>\n\t\t\t<\/a><\/div>\n\n<\/div><\/div><div id=\"panel-132-0-0-2\" class=\"so-panel widget widget_sow-editor\" data-index=\"2\" ><div\n\t\t\t\n\t\t\tclass=\"so-widget-sow-editor so-widget-sow-editor-base\"\n\t\t\t\n\t\t>\n<div class=\"siteorigin-widget-tinymce textwidget\">\n\t<p style=\"text-align: center;\" align=\"LEFT\"><em>\u017ar\u00f3d\u0142o: Zofia \u015aliwowska<\/em><\/p>\n<\/div>\n<\/div><\/div><div id=\"panel-132-0-0-3\" class=\"so-panel widget widget_sow-editor panel-last-child\" data-index=\"3\" ><div\n\t\t\t\n\t\t\tclass=\"so-widget-sow-editor so-widget-sow-editor-base\"\n\t\t\t\n\t\t>\n<div class=\"siteorigin-widget-tinymce textwidget\">\n\t<p style=\"text-align: justify;\" align=\"LEFT\">Po 1989 roku \u017c\u0142obek zosta\u0142 zlikwidowany, a sam budynek dyrekcja \u201eBieltexu\u201d przekaza\u0142a nieodp\u0142atnie dla Wojew\u00f3dzkiego Zespo\u0142u Opieki Spo\u0142ecznej w Wa\u0142brzychu. Po przeprowadzeniu prac adaptacyjnych, finansowanych z bud\u017cetu Wojewody, utworzono \u00a0 tu \u00a0 \u00a0Dom \u00a0Pomocy \u00a0 Spo\u0142ecznej \u00a0 dla \u00a0 Doros\u0142ych. \u00a0By\u0142a \u00a0to \u00a0w\u00f3wczas \u00a0pierwsza \u00a0tego \u00a0typu \u00a0plac\u00f3wka \u00a0oddana <br \/>w wojew\u00f3dztwie wa\u0142brzyskim. Jej uroczyste otwarcie nast\u0105pi\u0142o 15 maja 1992r.<\/p>\n<\/div>\n<\/div><\/div><\/div><\/div><div id=\"pg-132-1\"  class=\"panel-grid panel-no-style\" ><div id=\"pgc-132-1-0\"  class=\"panel-grid-cell\" ><div id=\"panel-132-1-0-0\" class=\"so-panel widget widget_sow-image panel-first-child panel-last-child\" data-index=\"4\" ><div\n\t\t\t\n\t\t\tclass=\"so-widget-sow-image so-widget-sow-image-default-8b5b6f678277-132\"\n\t\t\t\n\t\t>\n<div class=\"sow-image-container\">\n\t\t\t<a href=\"http:\/\/dpsbielaje.cluster023.hosting.ovh.net\/wp-content\/uploads\/2016\/03\/BH2.jpg\"\n\t\t\ttarget=\"_blank\" rel=\"noopener noreferrer\" \t\t>\n\t\t\t<img \n\tsrc=\"https:\/\/dpsbielawa.pl\/wp-content\/uploads\/2016\/03\/BH2-e1465900686853.jpg\" width=\"1024\" height=\"768\" sizes=\"(max-width: 1024px) 100vw, 1024px\" title=\"OLYMPUS DIGITAL CAMERA\" alt=\"\" \t\tclass=\"so-widget-image\"\/>\n\t\t\t<\/a><\/div>\n\n<\/div><\/div><\/div><div id=\"pgc-132-1-1\"  class=\"panel-grid-cell\" ><div id=\"panel-132-1-1-0\" class=\"so-panel widget widget_sow-image panel-first-child panel-last-child\" data-index=\"5\" ><div\n\t\t\t\n\t\t\tclass=\"so-widget-sow-image so-widget-sow-image-default-8b5b6f678277-132\"\n\t\t\t\n\t\t>\n<div class=\"sow-image-container\">\n\t\t\t<a href=\"http:\/\/dpsbielaje.cluster023.hosting.ovh.net\/wp-content\/uploads\/2016\/03\/BH4.jpg\"\n\t\t\ttarget=\"_blank\" rel=\"noopener noreferrer\" \t\t>\n\t\t\t<img \n\tsrc=\"https:\/\/dpsbielawa.pl\/wp-content\/uploads\/2016\/03\/BH4-e1468077935724.jpg\" width=\"1024\" height=\"768\" sizes=\"(max-width: 1024px) 100vw, 1024px\" title=\"OLYMPUS DIGITAL CAMERA\" alt=\"\" \t\tclass=\"so-widget-image\"\/>\n\t\t\t<\/a><\/div>\n\n<\/div><\/div><\/div><\/div><div id=\"pg-132-2\"  class=\"panel-grid panel-no-style\" ><div id=\"pgc-132-2-0\"  class=\"panel-grid-cell\" ><div id=\"panel-132-2-0-0\" class=\"so-panel widget widget_sow-editor panel-first-child panel-last-child\" data-index=\"6\" ><div\n\t\t\t\n\t\t\tclass=\"so-widget-sow-editor so-widget-sow-editor-base\"\n\t\t\t\n\t\t>\n<div class=\"siteorigin-widget-tinymce textwidget\">\n\t<p style=\"text-align: center;\"><em>\u017ar\u00f3d\u0142o: archiwum DPS<\/em><\/p>\n<\/div>\n<\/div><\/div><\/div><div id=\"pgc-132-2-1\"  class=\"panel-grid-cell\" ><div id=\"panel-132-2-1-0\" class=\"so-panel widget widget_sow-editor panel-first-child panel-last-child\" data-index=\"7\" ><div\n\t\t\t\n\t\t\tclass=\"so-widget-sow-editor so-widget-sow-editor-base\"\n\t\t\t\n\t\t>\n<div class=\"siteorigin-widget-tinymce textwidget\">\n\t<p style=\"text-align: center;\"><em>\u017ar\u00f3d\u0142o: archiwum DPS<\/em><\/p>\n<\/div>\n<\/div><\/div><\/div><\/div><div id=\"pg-132-3\"  class=\"panel-grid panel-no-style\" ><div id=\"pgc-132-3-0\"  class=\"panel-grid-cell\" ><div id=\"panel-132-3-0-0\" class=\"so-panel widget widget_sow-editor panel-first-child panel-last-child\" data-index=\"8\" ><div\n\t\t\t\n\t\t\tclass=\"so-widget-sow-editor so-widget-sow-editor-base\"\n\t\t\t\n\t\t>\n<div class=\"siteorigin-widget-tinymce textwidget\">\n\t<p>W pierwotnym kszta\u0142cie DPS przeznaczony by\u0142 dla 38 os\u00f3b. Zabrak\u0142o w nim m.in. miejsca na sto\u0142\u00f3wk\u0119 i \u015bwietlic\u0119. \u00a0Dlatego te\u017c \u00a0 podj\u0119to \u00a0 decyzj\u0119 \u00a0 o \u00a0 konieczno\u015bci \u00a0 rozbudowy \u00a0 istniej\u0105cego \u00a0 obiektu \u00a0i \u00a0tak 15 \u00a0pa\u017adziernika \u00a01997 roku dokonano kolejnego uroczystego otwarcia Domu, kt\u00f3ry dysponowa\u0142 zwi\u0119kszon\u0105 do 46 liczb\u0105 \u00a0miejsc oraz wzbogaconym zapleczem socjalnym.<\/p>\n<\/div>\n<\/div><\/div><\/div><\/div><div id=\"pg-132-4\"  class=\"panel-grid panel-no-style\" ><div id=\"pgc-132-4-0\"  class=\"panel-grid-cell\" ><div id=\"panel-132-4-0-0\" class=\"so-panel widget widget_sow-image panel-first-child\" data-index=\"9\" ><div\n\t\t\t\n\t\t\tclass=\"so-widget-sow-image so-widget-sow-image-default-c67d20f9f743-132\"\n\t\t\t\n\t\t>\n<div class=\"sow-image-container\">\n\t\t\t<a href=\"http:\/\/dpsbielaje.cluster023.hosting.ovh.net\/wp-content\/uploads\/2016\/03\/strona-startowa2.jpg\"\n\t\t\ttarget=\"_blank\" rel=\"noopener noreferrer\" \t\t>\n\t\t\t<img \n\tsrc=\"https:\/\/dpsbielawa.pl\/wp-content\/uploads\/2016\/03\/PC010128-436x272.jpg\" width=\"436\" height=\"272\" sizes=\"(max-width: 436px) 100vw, 436px\" title=\"OLYMPUS DIGITAL CAMERA\" alt=\"\" \t\tclass=\"so-widget-image\"\/>\n\t\t\t<\/a><\/div>\n\n<\/div><\/div><div id=\"panel-132-4-0-1\" class=\"so-panel widget widget_sow-image panel-last-child\" data-index=\"10\" ><div\n\t\t\t\n\t\t\tclass=\"so-widget-sow-image so-widget-sow-image-default-8b5b6f678277-132\"\n\t\t\t\n\t\t><\/div><\/div><\/div><\/div><div id=\"pg-132-5\"  class=\"panel-grid panel-no-style\" ><div id=\"pgc-132-5-0\"  class=\"panel-grid-cell\" ><div id=\"panel-132-5-0-0\" class=\"so-panel widget widget_sow-editor panel-first-child\" data-index=\"11\" ><div\n\t\t\t\n\t\t\tclass=\"so-widget-sow-editor so-widget-sow-editor-base\"\n\t\t\t\n\t\t>\n<div class=\"siteorigin-widget-tinymce textwidget\">\n\t<p align=\"LEFT\">Natomiast budynek usytuowany w Niemczy przy ul.Kolejowej 14\/16, w kt\u00f3rym funkcjonuje dzisiaj filia DPS, zosta\u0142 wybudowany w 1928 roku. \u00a0Pierwotnie \u00a0mie\u015bci\u0142a \u00a0si\u0119\u00a0\u00a0w nim \u00a0powiatowa \u00a0szko\u0142a \u00a0rolnicza i szko\u0142a sportowa.<\/p>\n<\/div>\n<\/div><\/div><div id=\"panel-132-5-0-1\" class=\"so-panel widget widget_sow-image\" data-index=\"12\" ><div\n\t\t\t\n\t\t\tclass=\"so-widget-sow-image so-widget-sow-image-default-c67d20f9f743-132\"\n\t\t\t\n\t\t>\n<div class=\"sow-image-container\">\n\t\t\t<a href=\"http:\/\/dpsbielaje.cluster023.hosting.ovh.net\/wp-content\/uploads\/2016\/03\/stare-zdj\u0119cia-dps-NH3-1.jpg\"\n\t\t\ttarget=\"_blank\" rel=\"noopener noreferrer\" \t\t>\n\t\t\t<img \n\tsrc=\"https:\/\/dpsbielawa.pl\/wp-content\/uploads\/2016\/03\/stare-zdj\u0119cia-dps-NH3-1-436x272.jpg\" width=\"436\" height=\"272\" sizes=\"(max-width: 436px) 100vw, 436px\" title=\"stare zdj\u0119cia dps NH3\" alt=\"\" \t\tclass=\"so-widget-image\"\/>\n\t\t\t<\/a><\/div>\n\n<\/div><\/div><div id=\"panel-132-5-0-2\" class=\"so-panel widget widget_sow-editor\" data-index=\"13\" ><div\n\t\t\t\n\t\t\tclass=\"so-widget-sow-editor so-widget-sow-editor-base\"\n\t\t\t\n\t\t>\n<div class=\"siteorigin-widget-tinymce textwidget\">\n\t<p style=\"text-align: center;\" align=\"LEFT\"><em>\u017ar\u00f3d\u0142o: <a href=\"http:\/\/www.fotopolska.eu\/\" target=\"_blank\">fotopolska.eu<\/a><\/em><\/p>\n<\/div>\n<\/div><\/div><div id=\"panel-132-5-0-3\" class=\"so-panel widget widget_sow-editor panel-last-child\" data-index=\"14\" ><div\n\t\t\t\n\t\t\tclass=\"so-widget-sow-editor so-widget-sow-editor-base\"\n\t\t\t\n\t\t>\n<div class=\"siteorigin-widget-tinymce textwidget\">\n\t<p style=\"text-align: justify;\">Od 1935 roku w budynku tym mie\u015bci\u0142 si\u0119 powiatowy dom opieki spo\u0142ecznej. W czasie II wojny \u015bwiatowej usytuowano tu rezerwowy szpital wojskowy.<\/p>\n<\/div>\n<\/div><\/div><\/div><\/div><div id=\"pg-132-6\"  class=\"panel-grid panel-no-style\" ><div id=\"pgc-132-6-0\"  class=\"panel-grid-cell\" ><div id=\"panel-132-6-0-0\" class=\"so-panel widget widget_sow-image panel-first-child\" data-index=\"15\" ><div\n\t\t\t\n\t\t\tclass=\"so-widget-sow-image so-widget-sow-image-default-dbf295114b96-132\"\n\t\t\t\n\t\t>\n<div class=\"sow-image-container\">\n\t\t\t<a href=\"http:\/\/dpsbielaje.cluster023.hosting.ovh.net\/wp-content\/uploads\/2016\/03\/stare-zdj\u0119cia-dps-NH1-1.jpg\"\n\t\t\ttarget=\"_blank\" rel=\"noopener noreferrer\" \t\t>\n\t\t\t<img \n\tsrc=\"https:\/\/dpsbielawa.pl\/wp-content\/uploads\/2016\/03\/stare-zdj\u0119cia-dps-NH1-1.jpg\" width=\"1175\" height=\"843\" srcset=\"https:\/\/dpsbielawa.pl\/wp-content\/uploads\/2016\/03\/stare-zdj\u0119cia-dps-NH1-1.jpg 1175w, https:\/\/dpsbielawa.pl\/wp-content\/uploads\/2016\/03\/stare-zdj\u0119cia-dps-NH1-1-300x215.jpg 300w, https:\/\/dpsbielawa.pl\/wp-content\/uploads\/2016\/03\/stare-zdj\u0119cia-dps-NH1-1-768x551.jpg 768w, https:\/\/dpsbielawa.pl\/wp-content\/uploads\/2016\/03\/stare-zdj\u0119cia-dps-NH1-1-1024x735.jpg 1024w\" sizes=\"(max-width: 1175px) 100vw, 1175px\" title=\"stare zdj\u0119cia dps NH1\" alt=\"\" \t\tclass=\"so-widget-image\"\/>\n\t\t\t<\/a><\/div>\n\n<\/div><\/div><div id=\"panel-132-6-0-1\" class=\"so-panel widget widget_sow-editor panel-last-child\" data-index=\"16\" ><div\n\t\t\t\n\t\t\tclass=\"so-widget-sow-editor so-widget-sow-editor-base\"\n\t\t\t\n\t\t>\n<div class=\"siteorigin-widget-tinymce textwidget\">\n\t<p style=\"text-align: center;\" align=\"LEFT\"><em>\u017ar\u00f3d\u0142o: <a href=\"http:\/\/www.fotopolska.eu\/\" target=\"_blank\" rel=\"noreferrer\">fotopolska.eu<\/a><\/em><\/p>\n<\/div>\n<\/div><\/div><\/div><div id=\"pgc-132-6-1\"  class=\"panel-grid-cell\" ><div id=\"panel-132-6-1-0\" class=\"so-panel widget widget_sow-image panel-first-child\" data-index=\"17\" ><div\n\t\t\t\n\t\t\tclass=\"so-widget-sow-image so-widget-sow-image-default-dbf295114b96-132\"\n\t\t\t\n\t\t>\n<div class=\"sow-image-container\">\n\t\t\t<a href=\"http:\/\/dpsbielaje.cluster023.hosting.ovh.net\/wp-content\/uploads\/2016\/03\/stare-zdj\u0119cia-dps-NH2-1.jpg\"\n\t\t\ttarget=\"_blank\" rel=\"noopener noreferrer\" \t\t>\n\t\t\t<img \n\tsrc=\"https:\/\/dpsbielawa.pl\/wp-content\/uploads\/2016\/03\/stare-zdj\u0119cia-dps-NH2-1-e1461926329755.jpg\" width=\"1176\" height=\"854\" srcset=\"https:\/\/dpsbielawa.pl\/wp-content\/uploads\/2016\/03\/stare-zdj\u0119cia-dps-NH2-1-e1461926329755.jpg 1176w, https:\/\/dpsbielawa.pl\/wp-content\/uploads\/2016\/03\/stare-zdj\u0119cia-dps-NH2-1-e1461926329755-300x218.jpg 300w, https:\/\/dpsbielawa.pl\/wp-content\/uploads\/2016\/03\/stare-zdj\u0119cia-dps-NH2-1-e1461926329755-768x558.jpg 768w, https:\/\/dpsbielawa.pl\/wp-content\/uploads\/2016\/03\/stare-zdj\u0119cia-dps-NH2-1-e1461926329755-1024x744.jpg 1024w\" sizes=\"(max-width: 1176px) 100vw, 1176px\" title=\"stare zdj\u0119cia dps NH2\" alt=\"\" \t\tclass=\"so-widget-image\"\/>\n\t\t\t<\/a><\/div>\n\n<\/div><\/div><div id=\"panel-132-6-1-1\" class=\"so-panel widget widget_sow-editor panel-last-child\" data-index=\"18\" ><div\n\t\t\t\n\t\t\tclass=\"so-widget-sow-editor so-widget-sow-editor-base\"\n\t\t\t\n\t\t>\n<div class=\"siteorigin-widget-tinymce textwidget\">\n\t<p style=\"text-align: center;\" align=\"LEFT\"><em>\u017ar\u00f3d\u0142o: <a href=\"http:\/\/www.fotopolska.eu\/\" target=\"_blank\" rel=\"noreferrer\">fotopolska.eu<\/a><\/em><\/p>\n<\/div>\n<\/div><\/div><\/div><\/div><div id=\"pg-132-7\"  class=\"panel-grid panel-no-style\" ><div id=\"pgc-132-7-0\"  class=\"panel-grid-cell\" ><div id=\"panel-132-7-0-0\" class=\"so-panel widget widget_sow-editor panel-first-child\" data-index=\"19\" ><div\n\t\t\t\n\t\t\tclass=\"so-widget-sow-editor so-widget-sow-editor-base\"\n\t\t\t\n\t\t>\n<div class=\"siteorigin-widget-tinymce textwidget\">\n\t<p style=\"text-align: justify;\">W latach 70-tych XX wieku powsta\u0142 Pa\u0144stwowy Dom Emeryt\u00f3w i Rencist\u00f3w, kt\u00f3ry po reformie systemu zabezpieczenia spo\u0142ecznego w latach dziewi\u0119\u0107dziesi\u0105tych zmieni\u0142 nazw\u0119 na Dom Pomocy Spo\u0142ecznej. Stan ten trwa\u0142 do 1999 roku, do momentu wprowadzenia reformy administracyjnej kraju.<\/p>\n<\/div>\n<\/div><\/div><div id=\"panel-132-7-0-1\" class=\"so-panel widget widget_sow-image\" data-index=\"20\" ><div\n\t\t\t\n\t\t\tclass=\"so-widget-sow-image so-widget-sow-image-default-c67d20f9f743-132\"\n\t\t\t\n\t\t>\n<div class=\"sow-image-container\">\n\t\t\t<a href=\"http:\/\/dpsbielaje.cluster023.hosting.ovh.net\/wp-content\/uploads\/2016\/03\/stare-zdj\u0119cia-dps-NH4-1.jpg\"\n\t\t\ttarget=\"_blank\" rel=\"noopener noreferrer\" \t\t>\n\t\t\t<img \n\tsrc=\"https:\/\/dpsbielawa.pl\/wp-content\/uploads\/2018\/02\/Dom_pomocy_spolecznej_283253_Fotopolska-Eu-1-436x272.jpg\" width=\"436\" height=\"272\" sizes=\"(max-width: 436px) 100vw, 436px\" title=\"Dom_pomocy_spolecznej_283253_Fotopolska-Eu\" alt=\"\" \t\tclass=\"so-widget-image\"\/>\n\t\t\t<\/a><\/div>\n\n<\/div><\/div><div id=\"panel-132-7-0-2\" class=\"so-panel widget widget_sow-editor\" data-index=\"21\" ><div\n\t\t\t\n\t\t\tclass=\"so-widget-sow-editor so-widget-sow-editor-base\"\n\t\t\t\n\t\t>\n<div class=\"siteorigin-widget-tinymce textwidget\">\n\t<p style=\"text-align: center;\" align=\"LEFT\"><em>\u017ar\u00f3d\u0142o: <a href=\"http:\/\/www.fotopolska.eu\/\" target=\"_blank\" rel=\"noreferrer\">fotopolska.eu<\/a><\/em><\/p>\n<\/div>\n<\/div><\/div><div id=\"panel-132-7-0-3\" class=\"so-panel widget widget_sow-editor panel-last-child\" data-index=\"22\" ><div\n\t\t\t\n\t\t\tclass=\"so-widget-sow-editor so-widget-sow-editor-base\"\n\t\t\t\n\t\t>\n<div class=\"siteorigin-widget-tinymce textwidget\">\n\t<p style=\"text-align: justify;\">Dom Pomocy Spo\u0142ecznej w Bielawie z fili\u0105 w Niemczy w obecnym kszta\u0142cie istnieje od 24 lat. W styczniu 2001 r. Rada Powiatu Dzier\u017coniowskiego podj\u0119\u0142a uchwa\u0142\u0119 o po\u0142\u0105czeniu dw\u00f3ch dom\u00f3w funkcjonuj\u0105cych dotychczas jako odr\u0119bne jednostki.<br \/>\nW chwili obecnej Dom jest samodzieln\u0105 jednostk\u0105 organizacyjn\u0105 i bud\u017cetow\u0105 Powiatu Dzier\u017coniowskiego. Decyzj\u0105 Wojewody Dolno\u015bl\u0105skiego nr PS.II.MN.9013-5\/2006 z dnia 24.06.2006 roku zosta\u0142o udzielone zezwolenie na prowadzenie Domu Pomocy Spo\u0142ecznej w Bielawie, przeznaczonego dla os\u00f3b przewlekle somatycznie chorych, na czas nieokre\u015blony.\u00a0Obecnie posiadamy \u0142\u0105cznie 125 miejsc dla kobiet i m\u0119\u017cczyzn.<\/p>\n<\/div>\n<\/div><\/div><\/div><\/div><div id=\"pg-132-8\"  class=\"panel-grid panel-no-style\" ><div id=\"pgc-132-8-0\"  class=\"panel-grid-cell\" ><div id=\"panel-132-8-0-0\" class=\"so-panel widget widget_sow-image panel-first-child panel-last-child\" data-index=\"23\" ><div\n\t\t\t\n\t\t\tclass=\"so-widget-sow-image so-widget-sow-image-default-dbf295114b96-132\"\n\t\t\t\n\t\t>\n<div class=\"sow-image-container\">\n\t\t\t<a href=\"http:\/\/dpsbielaje.cluster023.hosting.ovh.net\/wp-content\/uploads\/2016\/03\/NH5-1.jpg\"\n\t\t\ttarget=\"_blank\" rel=\"noopener noreferrer\" \t\t>\n\t\t\t<img \n\tsrc=\"https:\/\/dpsbielawa.pl\/wp-content\/uploads\/2016\/03\/NH5-1-e1465901083592.jpg\" width=\"1024\" height=\"683\" sizes=\"(max-width: 1024px) 100vw, 1024px\" title=\"NH5\" alt=\"\" \t\tclass=\"so-widget-image\"\/>\n\t\t\t<\/a><\/div>\n\n<\/div><\/div><\/div><div id=\"pgc-132-8-1\"  class=\"panel-grid-cell\" ><div id=\"panel-132-8-1-0\" class=\"so-panel widget widget_sow-image panel-first-child\" data-index=\"24\" ><div\n\t\t\t\n\t\t\tclass=\"so-widget-sow-image so-widget-sow-image-default-dbf295114b96-132\"\n\t\t\t\n\t\t>\n<div class=\"sow-image-container\">\n\t\t\t<a href=\"http:\/\/dpsbielaje.cluster023.hosting.ovh.net\/wp-content\/uploads\/2016\/03\/NH6-1.jpg\"\n\t\t\ttarget=\"_blank\" rel=\"noopener noreferrer\" \t\t>\n\t\t\t<img \n\tsrc=\"https:\/\/dpsbielawa.pl\/wp-content\/uploads\/2016\/03\/NH6-1-e1465901251144.jpg\" width=\"1024\" height=\"683\" sizes=\"(max-width: 1024px) 100vw, 1024px\" title=\"NH6\" alt=\"\" \t\tclass=\"so-widget-image\"\/>\n\t\t\t<\/a><\/div>\n\n<\/div><\/div><div id=\"panel-132-8-1-1\" class=\"so-panel widget widget_sow-editor\" data-index=\"25\" ><div\n\t\t\t\n\t\t\tclass=\"so-widget-sow-editor so-widget-sow-editor-base\"\n\t\t\t\n\t\t>\n<div class=\"siteorigin-widget-tinymce textwidget\">\n\t<\/div>\n<\/div><\/div><div id=\"panel-132-8-1-2\" class=\"so-panel widget widget_sow-image\" data-index=\"26\" ><div\n\t\t\t\n\t\t\tclass=\"so-widget-sow-image so-widget-sow-image-default-8b5b6f678277-132\"\n\t\t\t\n\t\t><\/div><\/div><div id=\"panel-132-8-1-3\" class=\"so-panel widget widget_sow-editor panel-last-child\" data-index=\"27\" ><div\n\t\t\t\n\t\t\tclass=\"so-widget-sow-editor so-widget-sow-editor-base\"\n\t\t\t\n\t\t>\n<div class=\"siteorigin-widget-tinymce textwidget\">\n\t<\/div>\n<\/div><\/div><\/div><\/div><\/div>","protected":false},"excerpt":{"rendered":"<p>M\u00f3wi\u0105c o historii naszego Domu nale\u017cy si\u0119gn\u0105\u0107 do historii dw\u00f3ch odr\u0119bnych budynk\u00f3w i dw\u00f3ch r\u00f3\u017cnych plac\u00f3wek.A jest ona bardzo ciekawa.Budynek, w kt\u00f3rym obecnie mie\u015bci si\u0119 siedziba DPS w Bielawie przy ulicy Stefana \u017beromskiego 2, zosta\u0142 wybudowany przez \u00a0Zak\u0142ady Przemys\u0142u \u00a0Bawe\u0142nianego &#8222;Bieltex&#8221; \u00a0w pocz\u0105tku lat 50-tych XX wieku z przeznaczeniem na \u017c\u0142obek przyzak\u0142adowy. \u017ar\u00f3d\u0142o: Zofia \u015aliwowska<\/p>\n","protected":false},"author":1,"featured_media":0,"parent":0,"menu_order":0,"comment_status":"closed","ping_status":"closed","template":"","meta":{"two_page_speed":[],"footnotes":""},"class_list":["post-132","page","type-page","status-publish","hentry","post"],"_links":{"self":[{"href":"https:\/\/dpsbielawa.pl\/index.php\/wp-json\/wp\/v2\/pages\/132","targetHints":{"allow":["GET"]}}],"collection":[{"href":"https:\/\/dpsbielawa.pl\/index.php\/wp-json\/wp\/v2\/pages"}],"about":[{"href":"https:\/\/dpsbielawa.pl\/index.php\/wp-json\/wp\/v2\/types\/page"}],"author":[{"embeddable":true,"href":"https:\/\/dpsbielawa.pl\/index.php\/wp-json\/wp\/v2\/users\/1"}],"replies":[{"embeddable":true,"href":"https:\/\/dpsbielawa.pl\/index.php\/wp-json\/wp\/v2\/comments?post=132"}],"version-history":[{"count":63,"href":"https:\/\/dpsbielawa.pl\/index.php\/wp-json\/wp\/v2\/pages\/132\/revisions"}],"predecessor-version":[{"id":7898,"href":"https:\/\/dpsbielawa.pl\/index.php\/wp-json\/wp\/v2\/pages\/132\/revisions\/7898"}],"wp:attachment":[{"href":"https:\/\/dpsbielawa.pl\/index.php\/wp-json\/wp\/v2\/media?parent=132"}],"curies":[{"name":"wp","href":"https:\/\/api.w.org\/{rel}","templated":true}]}}