{"id":5727,"date":"2023-03-22T12:06:08","date_gmt":"2023-03-22T11:06:08","guid":{"rendered":"https:\/\/dpsbielawa.pl\/?page_id=5727"},"modified":"2024-08-22T15:08:19","modified_gmt":"2024-08-22T13:08:19","slug":"dom-pomocy-spoleczen-w-bielawie-polityka-prywatnosci-i-pliki-cookies","status":"publish","type":"page","link":"https:\/\/dpsbielawa.pl\/index.php\/dom-pomocy-spoleczen-w-bielawie-polityka-prywatnosci-i-pliki-cookies\/","title":{"rendered":"Polityka prywatno\u015bci i pliki cookies"},"content":{"rendered":"<p align=\"center\"><span style=\"color: #000000;\"><span style=\"font-family: Times New Roman, serif;\"><span style=\"font-size: medium;\"><b>Polityka prywatno\u015bci<\/b><\/span><\/span><\/span><\/p>\n<p align=\"center\">I.<\/p>\n<p align=\"center\"><span style=\"color: #000000;\"><span style=\"font-family: Times New Roman, serif;\"><span style=\"font-size: medium;\"><b>[Administrator danych]<\/b><\/span><\/span><\/span><\/p>\n<ol>\n<li><span style=\"color: #000000;\"><span style=\"font-family: Times New Roman, serif;\"><span style=\"font-size: medium;\">Administratorem danych osobowych przetwarzanych na stronie internetowej <a href=\"https:\/\/dpsbielawa.pl\/\">http<\/a><a href=\"https:\/\/dpsbielawa.pl\/\">s<\/a><a href=\"https:\/\/dpsbielawa.pl\/\">:\/\/dpsbielawa.pl\/<\/a> jest <b>Dom Pomocy <\/b><b>Pomocy Spo\u0142ecznej w Bielawie<\/b> (dane&nbsp;kontaktowe: 58-260 Bielawa, ul. Stefana \u017beromskiego 2).<\/span><\/span><\/span><\/li>\n<li><span style=\"color: #000000;\"><span style=\"font-family: Times New Roman, serif;\"><span style=\"font-size: medium;\">Z administratorem danych mo\u017cna kontaktowa\u0107 si\u0119:<\/span><\/span><\/span>\n<ol>\n<li style=\"list-style-type: none;\">\n<ul>\n<li>\n<p align=\"justify\"><span style=\"color: #000000;\"><span style=\"font-family: Times New Roman, serif;\"><span style=\"font-size: medium;\">korespondencyjnie na&nbsp;podany wy\u017cej adres;<\/span><\/span><\/span><\/p>\n<\/li>\n<li>\n<p align=\"justify\"><span style=\"color: #000000;\"><span style=\"font-family: Times New Roman, serif;\"><span style=\"font-size: medium;\">poprzez <\/span><\/span><\/span><span style=\"color: #000000;\"><span style=\"font-family: Times New Roman, serif;\"><span style=\"font-size: medium;\">e-mail na&nbsp;adres: <\/span><\/span><\/span><a href=\"mailto:dpsbielawa@dpsbielawa.pl\"><span style=\"color: #000080;\"><span style=\"font-family: Times New Roman, serif;\"><span style=\"font-size: medium;\"><span lang=\"zxx\"><u>dpsbielawa@dpsbielawa.pl<\/u><\/span><\/span><\/span><\/span><\/a><span style=\"color: #000000;\"><span style=\"font-family: Times New Roman, serif;\"><span style=\"font-size: medium;\">.<\/span><\/span><\/span><\/p>\n<\/li>\n<\/ul>\n<\/li>\n<\/ol>\n<\/li>\n<\/ol>\n<p align=\"center\">II.<\/p>\n<p align=\"center\"><span style=\"color: #000000;\"><span style=\"font-family: Times New Roman, serif;\"><span style=\"font-size: medium;\"><b>[Cele, podstawy prawne oraz czas przetwarzania danych]<\/b><\/span><\/span><\/span><\/p>\n<ol>\n<li><span style=\"color: #000000;\"><span style=\"font-family: Times New Roman, serif;\"><span style=\"font-size: medium;\"><b>Przetwarzanie danych w ramach obs\u0142ugi korespondencji<\/b>:<b> <\/b>administrator przetwarza adresy e-mail interesant\u00f3w (nadawc\u00f3w), tre\u015b\u0107 wiadomo\u015bci oraz inne dane zawarte w&nbsp;korespondencji w&nbsp;celu jej obs\u0142ugi<b> <\/b>(np.: imi\u0119, nazwisko, stanowisko s\u0142u\u017cbowe, dane identyfikacyjne firmy, adres e-mail, nr telefonu). Dane otrzymywane w korespondencji mailowej mog\u0105 by\u0107 pozyskiwane bezpo\u015brednio od osoby, kt\u00f3rej dotycz\u0105 lub od osoby, z&nbsp;kt\u00f3r\u0105 wsp\u00f3\u0142pracuje. <b>Cel przetwarzania danych:<\/b> komunikacja z administratorem danych (podanie danych mo\u017ce by\u0107 niezb\u0119dne w celu rozpatrzenia sprawy). W przypadku zaklasyfikowania pisma zgodnie z&nbsp;przepisami kancelaryjno-archiwalnymi w tym zakresie \u2013 dane osobowe zawarte w pi\u015bmie (mailu) b\u0119d\u0105 przetwarzane:<\/span><\/span><\/span>\n<ul>\n<li style=\"list-style-type: none;\">\n<ul>\n<li>\n<p align=\"justify\"><span style=\"color: #000000;\"><span style=\"font-family: Times New Roman, serif;\"><span style=\"font-size: medium;\">na podstawie udzielonej zgody w zakresie i celu okre\u015blonym w jej tre\u015bci;<\/span><\/span><\/span><\/p>\n<\/li>\n<li>\n<p align=\"justify\"><span style=\"color: #000000;\"><span style=\"font-family: Times New Roman, serif;\"><span style=\"font-size: medium;\">w celu wype\u0142nienia obowi\u0105zk\u00f3w prawnych ci\u0105\u017c\u0105cych na administratorze;<\/span><\/span><\/span><\/p>\n<\/li>\n<li>\n<p align=\"justify\"><span style=\"font-family: Times New Roman, serif;\"><span style=\"font-size: medium;\"><span style=\"color: #000000;\">w celu wykonania umowy, kt\u00f3rej stron\u0105 jest osoba, kt\u00f3rej dane dotycz\u0105, lub do podj\u0119cia dzia\u0142a\u0144 na \u017c\u0105danie osoby, kt\u00f3rej dane dotycz\u0105, przed zawarciem umowy;<\/span><\/span><\/span><\/p>\n<\/li>\n<li>\n<p align=\"justify\"><span style=\"font-family: Times New Roman, serif;\"><span style=\"font-size: medium;\"><span style=\"color: #000000;\">w celu wykonania zadania realizowanego w interesie publicznym lub w ramach sprawowania w\u0142adzy publicznej powierzonej administratorowi.<\/span><\/span><\/span><\/p>\n<\/li>\n<\/ul>\n<\/li>\n<\/ul>\n<\/li>\n<li><span style=\"color: #000000;\"><span style=\"font-family: Times New Roman, serif;\"><span style=\"font-size: medium;\"><b>Klauzula informuj\u0105ca o przetwarzaniu danych osobowych<\/b> jest zawarta na stronie internetowej Biuletynu Informacji Publicznej \u2013 zak\u0142adka: \u201e<a href=\"https:\/\/bip.pow.dzierzoniow.pl\/artykuly\/690\/ochrona-danych-osobowych\">Ochrona Danych Osobowych<\/a>\u201d.<\/span><\/span><\/span><\/li>\n<\/ol>\n<p align=\"center\">III.<\/p>\n<p align=\"center\"><span style=\"color: #000000;\"><span style=\"font-family: Times New Roman, serif;\"><span style=\"font-size: medium;\"><b>[Pliki cookies]<\/b><\/span><\/span><\/span><\/p>\n<ol>\n<li><span style=\"color: #000000;\"><span style=\"font-family: Times New Roman, serif;\"><span style=\"font-size: medium;\">Ciasteczka (ang. cookies) maj\u0105 na celu odr\u00f3\u017cnianie os\u00f3b odwiedzaj\u0105cych strony www poprzez przechowywanie informacji, czy i kiedy dany u\u017cytkownik odwiedza\u0142 w przesz\u0142o\u015bci stron\u0119 internetow\u0105. S\u0105 to niewielkie pliki, zapisywane i przechowywane na komputerze, tablecie lub smartphonie podczas odwiedzania stron internetowych. Ciasteczko zazwyczaj zawiera nazw\u0119 strony internetowej, z kt\u00f3rej pochodzi, \u201ed\u0142ugo\u015b\u0107 \u017cycia\u201d ciasteczka (to znaczy czas jego istnienia), oraz przypadkowo wygenerowany unikalny numer s\u0142u\u017c\u0105cy do identyfikacji przegl\u0105darki, z jakiej nast\u0119puje po\u0142\u0105czenie ze stron\u0105 internetow\u0105. W wielu przypadkach oprogramowanie s\u0142u\u017c\u0105ce do przegl\u0105dania stron internetowych (przegl\u0105darka internetowa) domy\u015blnie dopuszcza przechowywanie plik\u00f3w cookies w urz\u0105dzeniu ko\u0144cowym u\u017cytkownika. U\u017cytkownicy serwisu mog\u0105 dokona\u0107 w ka\u017cdym czasie zmiany ustawie\u0144 dotycz\u0105cych plik\u00f3w cookies. Ustawienia te mog\u0105 zosta\u0107 zmienione w szczeg\u00f3lno\u015bci w taki spos\u00f3b, aby blokowa\u0107 automatyczn\u0105 obs\u0142ug\u0119 plik\u00f3w cookies w ustawieniach przegl\u0105darki internetowej b\u0105d\u017a informowa\u0107 o ich ka\u017cdorazowym zamieszczeniu w urz\u0105dzeniu u\u017cytkownika serwisu internetowego. Szczeg\u00f3\u0142owe informacje o mo\u017cliwo\u015bci i sposobach obs\u0142ugi plik\u00f3w cookies dost\u0119pne s\u0105 w ustawieniach oprogramowania (przegl\u0105darki internetowej). Niedokonanie zmiany ustawie\u0144 w zakresie cookies oznacza, \u017ce b\u0119d\u0105 one zamieszczone w urz\u0105dzeniu ko\u0144cowym u\u017cytkownika, a tym samym b\u0119dziemy przechowywa\u0107 informacje w urz\u0105dzeniu ko\u0144cowym u\u017cytkownika i uzyskiwa\u0107 dost\u0119p do tych informacji. Wy\u0142\u0105czenie stosowania cookies mo\u017ce spowodowa\u0107 utrudnienia korzystania z niekt\u00f3rych us\u0142ug w ramach naszego serwisu internetowego.<br \/>\n<\/span><\/span><\/span><\/li>\n<li><span style=\"color: #000000;\"><span style=\"font-family: Times New Roman, serif;\"><span style=\"font-size: medium;\">Na stronie internetowej:<\/span><\/span><\/span><\/li>\n<li style=\"list-style-type: none;\">\n<ol>\n<li style=\"list-style-type: none;\">\n<ul>\n<li>\n<p align=\"justify\"><span style=\"color: #000000;\"><span style=\"font-family: Times New Roman, serif;\"><span style=\"font-size: medium;\"><a href=\"https:\/\/dpsbielawa.pl\/\"><b>dpsbielawa.pl<\/b><\/a> stosowane s\u0105:<\/span><\/span><\/span><\/p>\n<ul type=\"a\">\n<li>\n<p align=\"justify\"><span style=\"color: #000000;\"><span style=\"font-family: Times New Roman, serif;\"><span style=\"font-size: medium;\">pliki cookies niezb\u0119dne, kt\u00f3re s\u0105 konieczne do prawid\u0142ego dzia\u0142ania naszego serwisu. U\u017cycie tych cookies <\/span><\/span><\/span><span style=\"color: #000000;\"><span style=\"font-family: Times New Roman, serif;\"><span style=\"font-size: medium;\"><b>nie wymaga zgody u\u017cytkownika<\/b><\/span><\/span><\/span><span style=\"color: #000000;\"><span style=\"font-family: Times New Roman, serif;\"><span style=\"font-size: medium;\">. Pliki te s\u0105 domy\u015blnie zapisywane na urz\u0105dzeniu u\u017cytkownika. S\u0105 one aktywne przez czas wizyty na stronie internetowej lub nieco d\u0142u\u017cej. Ciasteczka te mo\u017cna zablokowa\u0107 za pomoc\u0105 ustawie\u0144 przegl\u0105darki, ale w takim wypadku strona mo\u017ce nie dzia\u0142a\u0107 prawid\u0142owo;<\/span><\/span><\/span><\/p>\n<\/li>\n<\/ul>\n<\/li>\n<li>\n<p align=\"justify\"><span style=\"font-family: Times New Roman, serif;\"><span style=\"color: #000000;\"><span style=\"font-size: medium;\"><b>bip.pow.dzierzoniow.pl<\/b><\/span><\/span><span style=\"color: #000000;\"><span style=\"font-size: medium;\"> stosowane s\u0105 pliki cookies niezb\u0119dne do dzia\u0142ania strony; <\/span><\/span><span style=\"color: #000000;\"><span style=\"font-size: medium;\">informacja o tych plikach jest zamieszczona w polityce prywatno\u015bci <\/span><\/span><a href=\"https:\/\/bip.pow.dzierzoniow.pl\/artykul\/813\/3130\/polityka-prywatnosci\">BIP Powiatu Dzier\u017coniowskiego<\/a><span style=\"color: #000000;\"><span style=\"font-size: medium;\">.<\/span><\/span><\/span><\/p>\n<\/li>\n<\/ul>\n<\/li>\n<\/ol>\n<\/li>\n<\/ol>\n<p align=\"center\">IV.<\/p>\n<p align=\"center\"><span style=\"color: #000000;\"><span style=\"font-family: Times New Roman, serif;\"><span style=\"font-size: medium;\"><b>[Prawa os\u00f3b, kt\u00f3rych dane osobowe dotycz\u0105]<\/b><\/span><\/span><\/span><\/p>\n<ol>\n<li><span style=\"color: #000000;\"><span style=\"font-family: Times New Roman, serif;\"><span style=\"font-size: medium;\">Ka\u017cda osoba, kt\u00f3rej dane dotycz\u0105, ma prawo:<\/span><\/span><\/span>\n<ul>\n<li style=\"list-style-type: none;\">\n<ul>\n<li>\n<p align=\"justify\"><span style=\"color: #000000;\"><span style=\"font-family: Times New Roman, serif;\"><span style=\"font-size: medium;\"><b>dost\u0119pu<\/b> \u2013 uzyskania od administratora potwierdzenia, czy przetwarzane s\u0105 jej dane osobowe. Je\u017celi dane o&nbsp;osobie s\u0105 przetwarzane, jest ona uprawniona do uzyskania dost\u0119pu do nich oraz uzyskania nast\u0119puj\u0105cych informacji: o&nbsp;celach przetwarzania, kategoriach danych osobowych, odbiorcach lub kategoriach odbiorc\u00f3w, kt\u00f3rym dane zosta\u0142y lub zostan\u0105 ujawnione, o&nbsp;okresie przechowywania danych lub o&nbsp;kryteriach ich ustalania, o&nbsp;prawie do \u017c\u0105dania sprostowania, usuni\u0119cia lub ograniczenia przetwarzania danych osobowych przys\u0142uguj\u0105cych osobie, kt\u00f3rej dane dotycz\u0105, oraz do wniesienia sprzeciwu wobec takiego przetwarzania (art.&nbsp;15 RODO);<\/span><\/span><\/span><\/p>\n<\/li>\n<li>\n<p align=\"justify\"><span style=\"color: #000000;\"><span style=\"font-family: Times New Roman, serif;\"><span style=\"font-size: medium;\"><b>do otrzymania kopii danych<\/b> \u2013 uzyskania kopii danych podlegaj\u0105cych przetwarzaniu, przy czym pierwsza kopia jest bezp\u0142atna, a&nbsp;za&nbsp;kolejne kopie administrator mo\u017ce na\u0142o\u017cy\u0107 op\u0142at\u0119 w&nbsp;rozs\u0105dnej wysoko\u015bci, wynikaj\u0105c\u0105 z&nbsp;koszt\u00f3w administracyjnych (art.&nbsp;15 ust.&nbsp;3 RODO);<\/span><\/span><\/span><\/p>\n<\/li>\n<li>\n<p align=\"justify\"><span style=\"color: #000000;\"><span style=\"font-family: Times New Roman, serif;\"><span style=\"font-size: medium;\"><b>do sprostowania<\/b> \u2013 \u017c\u0105dania sprostowania dotycz\u0105cych jej danych osobowych, kt\u00f3re s\u0105 nieprawid\u0142owe, lub uzupe\u0142nienia niekompletnych danych (art.&nbsp;16 RODO);<\/span><\/span><\/span><\/p>\n<\/li>\n<li>\n<p align=\"justify\"><span style=\"color: #000000;\"><span style=\"font-family: Times New Roman, serif;\"><span style=\"font-size: medium;\"><b>do usuni\u0119cia danych<\/b> \u2013 \u017c\u0105dania usuni\u0119cia jej danych osobowych, je\u017celi administrator nie ma ju\u017c podstawy prawnej do ich przetwarzania lub dane nie s\u0105 ju\u017c niezb\u0119dne do cel\u00f3w przetwarzania (art.&nbsp;17 RODO); np. je\u017celi <b>wizerunek<\/b> Pani\/Pana lub inne dane osobowe s\u0105 przetwarzane na stronie internetowej <a href=\"https:\/\/dpsbielawa.pl\/\"><b>dpsbielawa.pl<\/b><\/a> lub na stronie <a href=\"https:\/\/bip.pow.dzierzoniow.pl\/artykul\/138\/117\/informacje-podstawowe\">Biuletynu Informacji Publicznej<\/a>, ma Pani\/Pan prawo zwr\u00f3ci\u0107 si\u0119 do administratora danych z&nbsp;\u017c\u0105daniem ich usuni\u0119cia \u2013 dane zostan\u0105 usuni\u0119te niezw\u0142ocznie, za wyj\u0105tkiem sytuacji, gdy przepisy prawa nak\u0142ada\u0107 b\u0119d\u0105 obowi\u0105zek ich dalszego przechowywania; w celu usuni\u0119cia danych w postaci wizerunku mo\u017ce by\u0107 konieczne podanie innych danych osobowych umo\u017cliwiaj\u0105cych zweryfikowanie to\u017csamo\u015bci osoby wyst\u0119puj\u0105cej z \u017c\u0105daniem;<\/span><\/span><\/span><\/p>\n<\/li>\n<li>\n<p align=\"justify\"><span style=\"color: #000000;\"><span style=\"font-family: Times New Roman, serif;\"><span style=\"font-size: medium;\"><b>do ograniczenia przetwarzania<\/b> \u2013 \u017c\u0105dania ograniczenia przetwarzania danych osobowych (art.&nbsp;18 RODO), gdy:<\/span><\/span><\/span><\/p>\n<ol type=\"a\">\n<li>\n<p align=\"justify\"><span style=\"color: #000000;\"><span style=\"font-family: Times New Roman, serif;\"><span style=\"font-size: medium;\">osoba, kt\u00f3rej dane dotycz\u0105, kwestionuje prawid\u0142owo\u015b\u0107 danych osobowych \u2013 na&nbsp;okres pozwalaj\u0105cy administratorowi sprawdzi\u0107 prawid\u0142owo\u015b\u0107 tych danych,<\/span><\/span><\/span><\/p>\n<\/li>\n<li>\n<p align=\"justify\"><span style=\"color: #000000;\"><span style=\"font-family: Times New Roman, serif;\"><span style=\"font-size: medium;\">przetwarzanie jest niezgodne z&nbsp;prawem, a&nbsp;osoba, kt\u00f3rej dane dotycz\u0105, sprzeciwia si\u0119 ich usuni\u0119ciu, \u017c\u0105daj\u0105c ograniczenia ich wykorzystywania,<\/span><\/span><\/span><\/p>\n<\/li>\n<li>\n<p align=\"justify\"><span style=\"color: #000000;\"><span style=\"font-family: Times New Roman, serif;\"><span style=\"font-size: medium;\">administrator nie potrzebuje ju\u017c tych danych, ale s\u0105 one potrzebne osobie, kt\u00f3rej dane dotycz\u0105, do ustalenia, dochodzenia lub obrony roszcze\u0144,<\/span><\/span><\/span><\/p>\n<\/li>\n<li>\n<p align=\"justify\"><span style=\"color: #000000;\"><span style=\"font-family: Times New Roman, serif;\"><span style=\"font-size: medium;\">osoba, kt\u00f3rej dane dotycz\u0105, wnios\u0142a sprzeciw wobec przetwarzania \u2013 do czasu stwierdzenia, czy prawnie uzasadnione podstawy po stronie administratora s\u0105 nadrz\u0119dne wobec podstaw sprzeciwu osoby, kt\u00f3rej dane dotycz\u0105;<\/span><\/span><\/span><\/p>\n<\/li>\n<\/ol>\n<\/li>\n<li>\n<p align=\"justify\"><span style=\"color: #000000;\"><span style=\"font-family: Times New Roman, serif;\"><span style=\"font-size: medium;\"><b>do przenoszenia danych<\/b> \u2013 otrzymania w&nbsp;ustrukturyzowanym, powszechnie u\u017cywanym formacie nadaj\u0105cym si\u0119 do odczytu maszynowego danych osobowych jej dotycz\u0105cych, kt\u00f3re dostarczy\u0142a administratorowi, oraz \u017c\u0105dania przes\u0142ania tych danych innemu administratorowi, je\u017celi dane s\u0105 przetwarzane na&nbsp;podstawie zgody osoby, kt\u00f3rej dane dotycz\u0105, lub umowy z&nbsp;ni\u0105 zawartej oraz je\u017celi dane s\u0105 przetwarzane w&nbsp;spos\u00f3b zautomatyzowany (art.&nbsp;20 RODO);<\/span><\/span><\/span><\/p>\n<\/li>\n<li>\n<p align=\"justify\"><span style=\"color: #000000;\"><span style=\"font-family: Times New Roman, serif;\"><span style=\"font-size: medium;\"><b>do sprzeciwu<\/b> \u2013 wniesienia sprzeciwu wobec przetwarzania jej danych osobowych w&nbsp;prawnie uzasadnionych celach administratora, z&nbsp;przyczyn zwi\u0105zanych z&nbsp;jej szczeg\u00f3ln\u0105 sytuacj\u0105, w&nbsp;tym wobec profilowania. W\u00f3wczas administrator dokonuje oceny istnienia wa\u017cnych prawnie uzasadnionych podstaw do przetwarzania, nadrz\u0119dnych wobec interes\u00f3w, praw i&nbsp;wolno\u015bci os\u00f3b, kt\u00f3rych dane dotycz\u0105, lub podstaw do ustalenia, dochodzenia lub obrony roszcze\u0144. Je\u017celi zgodnie z&nbsp;ocen\u0105 interesy osoby, kt\u00f3rej dane dotycz\u0105, b\u0119d\u0105 wa\u017cniejsze od interes\u00f3w administratora, administrator b\u0119dzie zobowi\u0105zany zaprzesta\u0107 przetwarzania danych w&nbsp;tych celach (art.&nbsp;21 RODO).<\/span><\/span><\/span><\/p>\n<\/li>\n<\/ul>\n<\/li>\n<\/ul>\n<\/li>\n<li><span style=\"color: #000000;\"><span style=\"font-family: Times New Roman, serif;\"><span style=\"font-size: medium;\">Aby skorzysta\u0107 z&nbsp;wy\u017cej wymienionych praw, osoba, kt\u00f3rej dane dotycz\u0105, powinna skontaktowa\u0107 si\u0119, wykorzystuj\u0105c podane dane kontaktowe, z&nbsp;administratorem i&nbsp;poinformowa\u0107 go, z&nbsp;kt\u00f3rego prawa i&nbsp;w&nbsp;jakim zakresie chce skorzysta\u0107.<\/span><\/span><\/span><\/li>\n<\/ol>\n<p align=\"center\">V.<\/p>\n<p align=\"center\"><span style=\"color: #000000;\"><span style=\"font-family: Times New Roman, serif;\"><span style=\"font-size: medium;\"><b>[Prezes Urz\u0119du Ochrony Danych Osobowych]<\/b><\/span><\/span><\/span><\/p>\n<p align=\"justify\"><span style=\"color: #000000;\"><span style=\"font-family: Times New Roman, serif;\"><span style=\"font-size: medium;\">Osoba, kt\u00f3rej dane dotycz\u0105, ma prawo wnie\u015b\u0107 skarg\u0119 do organu nadzoru, kt\u00f3rym w&nbsp;Polsce jest Prezes Urz\u0119du Ochrony Danych Osobowych z&nbsp;siedzib\u0105 w&nbsp;Warszawie, ul. Stawki 2, z&nbsp;kt\u00f3rym mo\u017cna kontaktowa\u0107 si\u0119 w&nbsp;nast\u0119puj\u0105cy spos\u00f3b:<\/span><\/span><\/span><\/p>\n<ol>\n<li><span style=\"color: #000000;\"><span style=\"font-family: Times New Roman, serif;\"><span style=\"font-size: medium;\">listownie: ul. Stawki 2, 00-193 Warszawa;<\/span><\/span><\/span><\/li>\n<li><span style=\"color: #000000;\"><span style=\"font-family: Times New Roman, serif;\"><span style=\"font-size: medium;\">przez elektroniczn\u0105 skrzynk\u0119 podawcz\u0105 dost\u0119pn\u0105 na&nbsp;stronie: <a href=\"https:\/\/www.uodo.gov.pl\/pl\/p\/kontakt\">https:\/\/www.uodo.gov.pl\/pl\/p\/kontakt<\/a>;<\/span><\/span><\/span><\/li>\n<li><span style=\"color: #000000;\"><span style=\"font-family: Times New Roman, serif;\"><span style=\"font-size: medium;\">telefonicznie: (22) 531&nbsp;03&nbsp;00.<\/span><\/span><\/span><\/li>\n<\/ol>\n<p align=\"center\">VI.<\/p>\n<p align=\"center\"><span style=\"color: #000000;\"><span style=\"font-family: Times New Roman, serif;\"><span style=\"font-size: medium;\"><b>[Inspektor Ochrony Danych]<\/b><\/span><\/span><\/span><\/p>\n<p align=\"justify\"><span style=\"color: #000000;\"><span style=\"font-family: Times New Roman, serif;\"><span style=\"font-size: medium;\">W ka\u017cdym przypadku osoba, kt\u00f3rej dane dotycz\u0105, mo\u017ce r\u00f3wnie\u017c skontaktowa\u0107 si\u0119 bezpo\u015brednio z&nbsp;Inspektorem Ochrony Danych:<\/span><\/span><\/span><\/p>\n<ol>\n<li><span style=\"color: #000000;\"><span style=\"font-family: Times New Roman, serif;\"><span style=\"font-size: medium;\">e-mailowo pod adresem poczty elektronicznej: <a href=\"mailto:iod@dpsbielawa.pl\">iod@dpsbielawa.pl<\/a>;<\/span><\/span><\/span><\/li>\n<li><span style=\"color: #000000;\"><span style=\"font-family: Times New Roman, serif;\"><span style=\"font-size: medium;\">na&nbsp;adres korespondencyjny siedziby administratora.<\/span><\/span><\/span><\/li>\n<\/ol>\n<p align=\"center\">VII.<\/p>\n<p align=\"center\"><span style=\"color: #000000;\"><span style=\"font-family: Times New Roman, serif;\"><span style=\"font-size: medium;\"><b>[Zmiany polityki prywatno\u015bci]<\/b><\/span><\/span><\/span><\/p>\n<ol>\n<li><span style=\"color: #000000;\"><span style=\"font-family: Times New Roman, serif;\"><span style=\"font-size: medium;\">Polityka prywatno\u015bci mo\u017ce by\u0107 uzupe\u0142niana lub uaktualniana zgodnie z&nbsp;bie\u017c\u0105cymi potrzebami administratora w&nbsp;celu zapewnienia aktualnej i&nbsp;rzetelnej informacji osobom, kt\u00f3rych dane s\u0105 przetwarzane.<\/span><\/span><\/span><\/li>\n<li><span style=\"color: #000000;\"><span style=\"font-family: Times New Roman, serif;\"><span style=\"font-size: medium;\">Niniejsza polityka prywatno\u015bci obowi\u0105zuje od <span lang=\"pl-PL\">1 kwietnia<\/span><span lang=\"pl-PL\"> 202<\/span><span lang=\"pl-PL\">3<\/span><span lang=\"pl-PL\"> r<\/span>.<\/span><\/span><\/span><\/li>\n<\/ol>\n<p align=\"center\">VIII.<\/p>\n<p align=\"center\"><span style=\"color: #000000;\"><span style=\"font-family: Times New Roman, serif;\"><span style=\"font-size: medium;\"><b>[Akty prawne przywo\u0142ywane w&nbsp;klauzuli]<\/b><\/span><\/span><\/span><\/p>\n<p align=\"justify\"><span style=\"color: #000000;\"><span style=\"font-family: Times New Roman, serif;\"><span style=\"font-size: medium;\">RODO \u2013 rozporz\u0105dzenie Parlamentu Europejskiego i&nbsp;Rady (UE) 2016\/679 z&nbsp;dnia 27&nbsp;kwietnia 2016&nbsp;r. w&nbsp;sprawie ochrony os\u00f3b fizycznych w&nbsp;zwi\u0105zku z&nbsp;przetwarzaniem danych osobowych i&nbsp;w&nbsp;sprawie swobodnego przep\u0142ywu takich danych oraz uchylenia dyrektywy 95\/46\/WE (Dz.Urz.&nbsp;UE L 2016 Nr&nbsp;119, s.&nbsp;1 z p\u00f3\u017an. zm.).<\/span><\/span><\/span><\/p>\n","protected":false},"excerpt":{"rendered":"<p>Polityka prywatno\u015bci I. [Administrator danych] Administratorem danych osobowych przetwarzanych na stronie internetowej https:\/\/dpsbielawa.pl\/ jest Dom Pomocy Pomocy Spo\u0142ecznej w Bielawie (dane&nbsp;kontaktowe: 58-260 Bielawa, ul. Stefana \u017beromskiego 2). Z administratorem danych mo\u017cna kontaktowa\u0107 si\u0119: korespondencyjnie na&nbsp;podany wy\u017cej adres; poprzez e-mail na&nbsp;adres: dpsbielawa@dpsbielawa.pl. II. [Cele, podstawy prawne oraz czas przetwarzania danych] Przetwarzanie danych w ramach obs\u0142ugi korespondencji: [&hellip;]<\/p>\n","protected":false},"author":1,"featured_media":0,"parent":0,"menu_order":0,"comment_status":"closed","ping_status":"closed","template":"","meta":{"two_page_speed":[],"footnotes":""},"class_list":["post-5727","page","type-page","status-publish","hentry","post"],"_links":{"self":[{"href":"https:\/\/dpsbielawa.pl\/index.php\/wp-json\/wp\/v2\/pages\/5727","targetHints":{"allow":["GET"]}}],"collection":[{"href":"https:\/\/dpsbielawa.pl\/index.php\/wp-json\/wp\/v2\/pages"}],"about":[{"href":"https:\/\/dpsbielawa.pl\/index.php\/wp-json\/wp\/v2\/types\/page"}],"author":[{"embeddable":true,"href":"https:\/\/dpsbielawa.pl\/index.php\/wp-json\/wp\/v2\/users\/1"}],"replies":[{"embeddable":true,"href":"https:\/\/dpsbielawa.pl\/index.php\/wp-json\/wp\/v2\/comments?post=5727"}],"version-history":[{"count":5,"href":"https:\/\/dpsbielawa.pl\/index.php\/wp-json\/wp\/v2\/pages\/5727\/revisions"}],"predecessor-version":[{"id":6945,"href":"https:\/\/dpsbielawa.pl\/index.php\/wp-json\/wp\/v2\/pages\/5727\/revisions\/6945"}],"wp:attachment":[{"href":"https:\/\/dpsbielawa.pl\/index.php\/wp-json\/wp\/v2\/media?parent=5727"}],"curies":[{"name":"wp","href":"https:\/\/api.w.org\/{rel}","templated":true}]}}